{"id":568,"date":"2021-08-05T00:46:47","date_gmt":"2021-08-05T00:46:47","guid":{"rendered":"https:\/\/nilsonlaw.com\/?page_id=568"},"modified":"2021-11-19T21:28:12","modified_gmt":"2021-11-19T21:28:12","slug":"insights","status":"publish","type":"page","link":"https:\/\/nilsonlaw.com\/fr\/blog\/insights\/","title":{"rendered":"Informations Utiles"},"content":{"rendered":"<div class=\"wpb-content-wrapper\"><p>[vc_row][vc_column width=\u00a0\u00bb1\/6&Prime; tablet_sm_width=\u00a0\u00bbhide\u00a0\u00bb mobile_width=\u00a0\u00bbhide\u00a0\u00bb][\/vc_column][vc_column width=\u00a0\u00bb2\/3&Prime;]\t\t<div class=\"grve-element grve-blog grve-blog-small grve-non-isotope\" style=\"\" >\r\n\t\t\t<div class=\"grve-standard-container\">\r\n\t\t\t<article class=\"grve-blog-item grve-small-post grve-non-isotope-item post-1059 post type-post status-publish format-standard has-post-thumbnail hentry category-blog-fr category-insights-fr tag-wvpp-fr tag-osha-fr tag-prevention-de-la-violence-sur-le-lieu-de-travail-fr\" itemscope itemType=\"http:\/\/schema.org\/BlogPosting\">\r\n\t\t\t\t<div class=\"grve-blog-item-inner grve-isotope-item-inner\">\r\n\t\t\t\t\t\t\t\t\t\t\t\t\t<div class=\"grve-media\">\r\n\t\t\t<a class=\"grve-item-url\" href=\"https:\/\/nilsonlaw.com\/fr\/date-limite-annuelle-dexamen-et-de-formation-du-wvpp-approchant-pour-les-employeurs-concernes-en-californie\/\" aria-label=\"Date limite annuelle d\u2019examen et de formation du WVPP approchant pour les employeurs concern\u00e9s en Californie\"><\/a>\r\n\t\t\t<img loading=\"lazy\" decoding=\"async\" width=\"512\" height=\"420\" src=\"https:\/\/nilsonlaw.com\/wp-content\/uploads\/2025\/05\/workplace_violence_prevention_plan-512x420.jpg\" class=\"attachment-movedo-grve-small-rect-horizontal size-movedo-grve-small-rect-horizontal wp-post-image\" alt=\"Workplace Violence Prevention Plan-image\" \/>\t\t\t<div class=\"grve-bg-black grve-hover-overlay grve-opacity-10\"><\/div>\r\n\t\t<\/div>\r\n\t\t\t\t\t\t<div class=\"grve-post-content-wrapper\">\r\n\t\t\t\t\t\t\t<div class=\"grve-post-content\">\r\n\t\t\t\t\t\t\t\t<div class=\"grve-post-header\">\r\n\t\t\t\t\t\t\t\t\t\t\t\t\t\t\t\t\t\t\t\t<span class=\"grve-hidden\">\r\n\t\t\t<span class=\"grve-structured-data entry-title\">Date limite annuelle d\u2019examen et de formation du WVPP approchant pour les employeurs concern\u00e9s en Californie<\/span>\r\n\t\t\t<span class=\"grve-structured-data\" itemprop=\"image\" itemscope itemtype=\"http:\/\/schema.org\/ImageObject\">\r\n\t\t\t   <span itemprop='url' >https:\/\/nilsonlaw.com\/wp-content\/uploads\/2025\/05\/workplace_violence_prevention_plan.jpg<\/span>\r\n\t\t\t   <span itemprop='height' >512<\/span>\r\n\t\t\t   <span itemprop='width' >768<\/span>\r\n\t\t\t<\/span>\r\n\t\t\t\t\t\t<span class=\"grve-structured-data vcard author\" itemprop=\"author\" itemscope itemtype=\"http:\/\/schema.org\/Person\">\r\n\t\t\t\t<span itemprop=\"name\" class=\"fn\">Michael Vaz D'Almeida<\/span>\r\n\t\t\t<\/span>\r\n\t\t\t<span class=\"grve-structured-data\" itemprop=\"publisher\" itemscope itemtype=\"http:\/\/schema.org\/Organization\">\r\n\t\t\t\t<span itemprop='name'>Michael Vaz D'Almeida<\/span>\r\n\t\t\t\t<span itemprop='logo' itemscope itemtype='http:\/\/schema.org\/ImageObject'>\r\n\t\t\t\t\t<span itemprop='url'>https:\/\/secure.gravatar.com\/avatar\/60ad2ad3defccf3ca67cae347df39cbf1d5796ed67c34bef9b41e3a28264acec?s=96&#038;d=mm&#038;r=g<\/span>\r\n\t\t\t\t<\/span>\r\n\t\t\t<\/span>\r\n\t\t\t\t\t\t<time class=\"grve-structured-data date published\" itemprop=\"datePublished\" datetime=\"2025-05-12T20:36:02+00:00\">05\/12\/2025<\/time>\r\n\t\t\t<time class=\"grve-structured-data date updated\" itemprop=\"dateModified\"  datetime=\"2025-05-12T20:36:02+00:00\">05\/12\/2025<\/time>\r\n\t\t\t<span class=\"grve-structured-data\" itemprop=\"mainEntityOfPage\" itemscope itemtype=\"http:\/\/schema.org\/WebPage\" itemid=\"https:\/\/nilsonlaw.com\/fr\/date-limite-annuelle-dexamen-et-de-formation-du-wvpp-approchant-pour-les-employeurs-concernes-en-californie\/\"><\/span>\r\n\t\t<\/span>\r\n\t\t\t\t\t\t\t\t\t\t\t\t\t\t\t\t\t\t\t\t<ul class=\"grve-post-meta\">\r\n\t\t\t\t\t\t\t\t\t\t\t\t<li class=\"grve-post-author\">\r\n\t\t\t<span>Michael Vaz D'Almeida<\/span>\r\n\t\t<\/li>\r\n<li class=\"grve-post-date\">\t<time class=\"\" datetime=\"2025-05-12T20:36:02+00:00\">\r\n\t\t05\/12\/2025\t<\/time>\r\n<\/li>\t\t\t\t\t\t\t\t\t\t<\/ul>\r\n\t\t\t\t\t\t\t\t\t\t\t\t\t\t\t\t\t\t\t\t\t\t\t\t\t\t\t<a href=\"https:\/\/nilsonlaw.com\/fr\/date-limite-annuelle-dexamen-et-de-formation-du-wvpp-approchant-pour-les-employeurs-concernes-en-californie\/\" rel=\"bookmark\"><h3 class=\"grve-post-title grve-post-title-hover grve-h4\" itemprop=\"headline\">Date limite annuelle d\u2019examen et de formation du WVPP approchant pour les employeurs concern\u00e9s en Californie<\/h3><\/a>\t\t\t\t\t\t\t\t<\/div>\r\n\t\t\t\t\t\t\t\t<div itemprop=\"articleBody\"><p>Si vous exercez d\u00e9j\u00e0 une activit\u00e9 commerciale en Californie, vous \u00eates probablement au courant du projet de loi du S\u00e9nat californien num\u00e9ro\u2026<\/p><a class=\"grve-read-more grve-link-text grve-heading-color grve-text-hover-primary-1\" href=\"https:\/\/nilsonlaw.com\/fr\/date-limite-annuelle-dexamen-et-de-formation-du-wvpp-approchant-pour-les-employeurs-concernes-en-californie\/\"><span>lire plus<\/span><\/a><\/div>\t\t\t\t\t\t\t<\/div>\r\n\t\t\t\t\t\t<\/div>\r\n\t\t\t\t\t\r\n\t\t\t\t<\/div>\t\t\t<\/article>\r\n\r\n\t\t\t<article class=\"grve-blog-item grve-small-post grve-non-isotope-item post-1002 post type-post status-publish format-standard has-post-thumbnail hentry category-blog-fr category-insights-fr tag-business-law tag-compliance tag-corporate-transparency-act-2024-fr tag-regulations\" itemscope itemType=\"http:\/\/schema.org\/BlogPosting\">\r\n\t\t\t\t<div class=\"grve-blog-item-inner grve-isotope-item-inner\">\r\n\t\t\t\t\t\t\t\t\t\t\t\t\t<div class=\"grve-media\">\r\n\t\t\t<a class=\"grve-item-url\" href=\"https:\/\/nilsonlaw.com\/fr\/loi-sur-la-transparence-des-entreprises-2024\/\" aria-label=\"Loi sur la transparence des entreprises 2024 (CTA 2024): Ne manquez pas la date limite de d\u00e9p\u00f4t de votre d\u00e9claration de b\u00e9n\u00e9ficiaires effectifs\"><\/a>\r\n\t\t\t<img loading=\"lazy\" decoding=\"async\" width=\"474\" height=\"316\" src=\"https:\/\/nilsonlaw.com\/wp-content\/uploads\/2024\/08\/CTA-image-2.jpg\" class=\"attachment-movedo-grve-small-rect-horizontal size-movedo-grve-small-rect-horizontal wp-post-image\" alt=\"\" srcset=\"https:\/\/nilsonlaw.com\/wp-content\/uploads\/2024\/08\/CTA-image-2.jpg 474w, https:\/\/nilsonlaw.com\/wp-content\/uploads\/2024\/08\/CTA-image-2-300x200.jpg 300w\" sizes=\"auto, (max-width: 474px) 100vw, 474px\" \/>\t\t\t<div class=\"grve-bg-black grve-hover-overlay grve-opacity-10\"><\/div>\r\n\t\t<\/div>\r\n\t\t\t\t\t\t<div class=\"grve-post-content-wrapper\">\r\n\t\t\t\t\t\t\t<div class=\"grve-post-content\">\r\n\t\t\t\t\t\t\t\t<div class=\"grve-post-header\">\r\n\t\t\t\t\t\t\t\t\t\t\t\t\t\t\t\t\t\t\t\t<span class=\"grve-hidden\">\r\n\t\t\t<span class=\"grve-structured-data entry-title\">Loi sur la transparence des entreprises 2024 (CTA 2024): Ne manquez pas la date limite de d\u00e9p\u00f4t de votre d\u00e9claration de b\u00e9n\u00e9ficiaires effectifs<\/span>\r\n\t\t\t<span class=\"grve-structured-data\" itemprop=\"image\" itemscope itemtype=\"http:\/\/schema.org\/ImageObject\">\r\n\t\t\t   <span itemprop='url' >https:\/\/nilsonlaw.com\/wp-content\/uploads\/2024\/08\/CTA-image-2.jpg<\/span>\r\n\t\t\t   <span itemprop='height' >474<\/span>\r\n\t\t\t   <span itemprop='width' >316<\/span>\r\n\t\t\t<\/span>\r\n\t\t\t\t\t\t<span class=\"grve-structured-data vcard author\" itemprop=\"author\" itemscope itemtype=\"http:\/\/schema.org\/Person\">\r\n\t\t\t\t<span itemprop=\"name\" class=\"fn\">Nancy Maurice<\/span>\r\n\t\t\t<\/span>\r\n\t\t\t<span class=\"grve-structured-data\" itemprop=\"publisher\" itemscope itemtype=\"http:\/\/schema.org\/Organization\">\r\n\t\t\t\t<span itemprop='name'>Nancy Maurice<\/span>\r\n\t\t\t\t<span itemprop='logo' itemscope itemtype='http:\/\/schema.org\/ImageObject'>\r\n\t\t\t\t\t<span itemprop='url'>https:\/\/secure.gravatar.com\/avatar\/8c61633d592049e661612d4eadb214749758d284705e477ad01d1d16e37d03a9?s=96&#038;d=mm&#038;r=g<\/span>\r\n\t\t\t\t<\/span>\r\n\t\t\t<\/span>\r\n\t\t\t\t\t\t<time class=\"grve-structured-data date published\" itemprop=\"datePublished\" datetime=\"2024-08-23T15:46:23+00:00\">08\/23\/2024<\/time>\r\n\t\t\t<time class=\"grve-structured-data date updated\" itemprop=\"dateModified\"  datetime=\"2024-08-23T15:46:23+00:00\">08\/23\/2024<\/time>\r\n\t\t\t<span class=\"grve-structured-data\" itemprop=\"mainEntityOfPage\" itemscope itemtype=\"http:\/\/schema.org\/WebPage\" itemid=\"https:\/\/nilsonlaw.com\/fr\/loi-sur-la-transparence-des-entreprises-2024\/\"><\/span>\r\n\t\t<\/span>\r\n\t\t\t\t\t\t\t\t\t\t\t\t\t\t\t\t\t\t\t\t<ul class=\"grve-post-meta\">\r\n\t\t\t\t\t\t\t\t\t\t\t\t<li class=\"grve-post-author\">\r\n\t\t\t<span>Nancy Maurice<\/span>\r\n\t\t<\/li>\r\n<li class=\"grve-post-date\">\t<time class=\"\" datetime=\"2024-08-23T15:46:23+00:00\">\r\n\t\t08\/23\/2024\t<\/time>\r\n<\/li>\t\t\t\t\t\t\t\t\t\t<\/ul>\r\n\t\t\t\t\t\t\t\t\t\t\t\t\t\t\t\t\t\t\t\t\t\t\t\t\t\t\t<a href=\"https:\/\/nilsonlaw.com\/fr\/loi-sur-la-transparence-des-entreprises-2024\/\" rel=\"bookmark\"><h3 class=\"grve-post-title grve-post-title-hover grve-h4\" itemprop=\"headline\">Loi sur la transparence des entreprises 2024 (CTA 2024): Ne manquez pas la date limite de d\u00e9p\u00f4t de votre d\u00e9claration de b\u00e9n\u00e9ficiaires effectifs<\/h3><\/a>\t\t\t\t\t\t\t\t<\/div>\r\n\t\t\t\t\t\t\t\t<div itemprop=\"articleBody\"><p>La date limite de d\u00e9p\u00f4t de votre d\u00e9claration de b\u00e9n\u00e9ficiaires effectifs, fix\u00e9e au 1er janvier 2025 (ou, si votre soci\u00e9t\u00e9 a \u00e9t\u00e9\u2026<\/p><a class=\"grve-read-more grve-link-text grve-heading-color grve-text-hover-primary-1\" href=\"https:\/\/nilsonlaw.com\/fr\/loi-sur-la-transparence-des-entreprises-2024\/\"><span>lire plus<\/span><\/a><\/div>\t\t\t\t\t\t\t<\/div>\r\n\t\t\t\t\t\t<\/div>\r\n\t\t\t\t\t\r\n\t\t\t\t<\/div>\t\t\t<\/article>\r\n\r\n\t\t\t<article class=\"grve-blog-item grve-small-post grve-non-isotope-item post-968 post type-post status-publish format-standard has-post-thumbnail hentry category-blog-fr category-insights-fr tag-business-law tag-compliance tag-corporate-transparency-act-2024-fr tag-regulations\" itemscope itemType=\"http:\/\/schema.org\/BlogPosting\">\r\n\t\t\t\t<div class=\"grve-blog-item-inner grve-isotope-item-inner\">\r\n\t\t\t\t\t\t\t\t\t\t\t\t\t<div class=\"grve-media\">\r\n\t\t\t<a class=\"grve-item-url\" href=\"https:\/\/nilsonlaw.com\/fr\/business-aux-etats-unis-et-compliance-ne-manquez-pas-les-nouvelles-exigences-du-corporate-transparency-act-2024\/\" aria-label=\"Business aux \u00c9tats-Unis et Compliance :  Ne manquez pas les nouvelles exigences du Corporate Transparency Act 2024\"><\/a>\r\n\t\t\t<img loading=\"lazy\" decoding=\"async\" width=\"560\" height=\"420\" src=\"https:\/\/nilsonlaw.com\/wp-content\/uploads\/2023\/10\/CTA-Compliance-standards-policies-rules-regulations-560x420.jpg\" class=\"attachment-movedo-grve-small-rect-horizontal size-movedo-grve-small-rect-horizontal wp-post-image\" alt=\"CTA Compliance standards policies rules regulations\" \/>\t\t\t<div class=\"grve-bg-black grve-hover-overlay grve-opacity-10\"><\/div>\r\n\t\t<\/div>\r\n\t\t\t\t\t\t<div class=\"grve-post-content-wrapper\">\r\n\t\t\t\t\t\t\t<div class=\"grve-post-content\">\r\n\t\t\t\t\t\t\t\t<div class=\"grve-post-header\">\r\n\t\t\t\t\t\t\t\t\t\t\t\t\t\t\t\t\t\t\t\t<span class=\"grve-hidden\">\r\n\t\t\t<span class=\"grve-structured-data entry-title\">Business aux \u00c9tats-Unis et Compliance :  Ne manquez pas les nouvelles exigences du Corporate Transparency Act 2024<\/span>\r\n\t\t\t<span class=\"grve-structured-data\" itemprop=\"image\" itemscope itemtype=\"http:\/\/schema.org\/ImageObject\">\r\n\t\t\t   <span itemprop='url' >https:\/\/nilsonlaw.com\/wp-content\/uploads\/2023\/10\/CTA-Compliance-standards-policies-rules-regulations.jpg<\/span>\r\n\t\t\t   <span itemprop='height' >1000<\/span>\r\n\t\t\t   <span itemprop='width' >600<\/span>\r\n\t\t\t<\/span>\r\n\t\t\t\t\t\t<span class=\"grve-structured-data vcard author\" itemprop=\"author\" itemscope itemtype=\"http:\/\/schema.org\/Person\">\r\n\t\t\t\t<span itemprop=\"name\" class=\"fn\">Nancy Maurice<\/span>\r\n\t\t\t<\/span>\r\n\t\t\t<span class=\"grve-structured-data\" itemprop=\"publisher\" itemscope itemtype=\"http:\/\/schema.org\/Organization\">\r\n\t\t\t\t<span itemprop='name'>Nancy Maurice<\/span>\r\n\t\t\t\t<span itemprop='logo' itemscope itemtype='http:\/\/schema.org\/ImageObject'>\r\n\t\t\t\t\t<span itemprop='url'>https:\/\/secure.gravatar.com\/avatar\/8c61633d592049e661612d4eadb214749758d284705e477ad01d1d16e37d03a9?s=96&#038;d=mm&#038;r=g<\/span>\r\n\t\t\t\t<\/span>\r\n\t\t\t<\/span>\r\n\t\t\t\t\t\t<time class=\"grve-structured-data date published\" itemprop=\"datePublished\" datetime=\"2023-10-02T14:12:59+00:00\">10\/02\/2023<\/time>\r\n\t\t\t<time class=\"grve-structured-data date updated\" itemprop=\"dateModified\"  datetime=\"2023-10-02T16:45:40+00:00\">10\/02\/2023<\/time>\r\n\t\t\t<span class=\"grve-structured-data\" itemprop=\"mainEntityOfPage\" itemscope itemtype=\"http:\/\/schema.org\/WebPage\" itemid=\"https:\/\/nilsonlaw.com\/fr\/business-aux-etats-unis-et-compliance-ne-manquez-pas-les-nouvelles-exigences-du-corporate-transparency-act-2024\/\"><\/span>\r\n\t\t<\/span>\r\n\t\t\t\t\t\t\t\t\t\t\t\t\t\t\t\t\t\t\t\t<ul class=\"grve-post-meta\">\r\n\t\t\t\t\t\t\t\t\t\t\t\t<li class=\"grve-post-author\">\r\n\t\t\t<span>Nancy Maurice<\/span>\r\n\t\t<\/li>\r\n<li class=\"grve-post-date\">\t<time class=\"\" datetime=\"2023-10-02T14:12:59+00:00\">\r\n\t\t10\/02\/2023\t<\/time>\r\n<\/li>\t\t\t\t\t\t\t\t\t\t<\/ul>\r\n\t\t\t\t\t\t\t\t\t\t\t\t\t\t\t\t\t\t\t\t\t\t\t\t\t\t\t<a href=\"https:\/\/nilsonlaw.com\/fr\/business-aux-etats-unis-et-compliance-ne-manquez-pas-les-nouvelles-exigences-du-corporate-transparency-act-2024\/\" rel=\"bookmark\"><h3 class=\"grve-post-title grve-post-title-hover grve-h4\" itemprop=\"headline\">Business aux \u00c9tats-Unis et Compliance :  Ne manquez pas les nouvelles exigences du Corporate Transparency Act 2024<\/h3><\/a>\t\t\t\t\t\t\t\t<\/div>\r\n\t\t\t\t\t\t\t\t<div itemprop=\"articleBody\"><p>Le Corporate Transparency Act (\u00ab\u00a0CTA\u00a0\u00bb) introduit de nouvelles exigences en mati\u00e8re de d\u00e9claration qui pourraient affecter votre entreprise \u00e0 partir du 1er\u2026<\/p><a class=\"grve-read-more grve-link-text grve-heading-color grve-text-hover-primary-1\" href=\"https:\/\/nilsonlaw.com\/fr\/business-aux-etats-unis-et-compliance-ne-manquez-pas-les-nouvelles-exigences-du-corporate-transparency-act-2024\/\"><span>lire plus<\/span><\/a><\/div>\t\t\t\t\t\t\t<\/div>\r\n\t\t\t\t\t\t<\/div>\r\n\t\t\t\t\t\r\n\t\t\t\t<\/div>\t\t\t<\/article>\r\n\r\n\t\t\t<article class=\"grve-blog-item grve-small-post grve-non-isotope-item post-895 post type-post status-publish format-standard has-post-thumbnail hentry category-blog-fr category-insights-fr tag-ada-compliance-fr tag-website-fr\" itemscope itemType=\"http:\/\/schema.org\/BlogPosting\">\r\n\t\t\t\t<div class=\"grve-blog-item-inner grve-isotope-item-inner\">\r\n\t\t\t\t\t\t\t\t\t\t\t\t\t<div class=\"grve-media\">\r\n\t\t\t<a class=\"grve-item-url\" href=\"https:\/\/nilsonlaw.com\/fr\/ne-vous-laissez-pas-poursuivre-en-justice-verifiez-la-conformite-ada-de-votre-site-web\/\" aria-label=\"Ne vous laissez pas poursuivre en justice ! V\u00e9rifiez la conformit\u00e9 ADA de votre site Web\"><\/a>\r\n\t\t\t<img loading=\"lazy\" decoding=\"async\" width=\"560\" height=\"420\" src=\"https:\/\/nilsonlaw.com\/wp-content\/uploads\/2022\/01\/ADA-Compliance-560x420.jpg\" class=\"attachment-movedo-grve-small-rect-horizontal size-movedo-grve-small-rect-horizontal wp-post-image\" alt=\"ADA compliance\" \/>\t\t\t<div class=\"grve-bg-black grve-hover-overlay grve-opacity-10\"><\/div>\r\n\t\t<\/div>\r\n\t\t\t\t\t\t<div class=\"grve-post-content-wrapper\">\r\n\t\t\t\t\t\t\t<div class=\"grve-post-content\">\r\n\t\t\t\t\t\t\t\t<div class=\"grve-post-header\">\r\n\t\t\t\t\t\t\t\t\t\t\t\t\t\t\t\t\t\t\t\t<span class=\"grve-hidden\">\r\n\t\t\t<span class=\"grve-structured-data entry-title\">Ne vous laissez pas poursuivre en justice ! V\u00e9rifiez la conformit\u00e9 ADA de votre site Web<\/span>\r\n\t\t\t<span class=\"grve-structured-data\" itemprop=\"image\" itemscope itemtype=\"http:\/\/schema.org\/ImageObject\">\r\n\t\t\t   <span itemprop='url' >https:\/\/nilsonlaw.com\/wp-content\/uploads\/2022\/01\/ADA-Compliance.jpg<\/span>\r\n\t\t\t   <span itemprop='height' >1000<\/span>\r\n\t\t\t   <span itemprop='width' >568<\/span>\r\n\t\t\t<\/span>\r\n\t\t\t\t\t\t<span class=\"grve-structured-data vcard author\" itemprop=\"author\" itemscope itemtype=\"http:\/\/schema.org\/Person\">\r\n\t\t\t\t<span itemprop=\"name\" class=\"fn\">Cynthia Martens<\/span>\r\n\t\t\t<\/span>\r\n\t\t\t<span class=\"grve-structured-data\" itemprop=\"publisher\" itemscope itemtype=\"http:\/\/schema.org\/Organization\">\r\n\t\t\t\t<span itemprop='name'>Cynthia Martens<\/span>\r\n\t\t\t\t<span itemprop='logo' itemscope itemtype='http:\/\/schema.org\/ImageObject'>\r\n\t\t\t\t\t<span itemprop='url'>https:\/\/secure.gravatar.com\/avatar\/7628166ddde72254468b8598953e669f7e58b2dc34327ff9a1b6508482ed560c?s=96&#038;d=mm&#038;r=g<\/span>\r\n\t\t\t\t<\/span>\r\n\t\t\t<\/span>\r\n\t\t\t\t\t\t<time class=\"grve-structured-data date published\" itemprop=\"datePublished\" datetime=\"2022-01-03T16:55:25+00:00\">01\/03\/2022<\/time>\r\n\t\t\t<time class=\"grve-structured-data date updated\" itemprop=\"dateModified\"  datetime=\"2022-01-03T17:02:38+00:00\">01\/03\/2022<\/time>\r\n\t\t\t<span class=\"grve-structured-data\" itemprop=\"mainEntityOfPage\" itemscope itemtype=\"http:\/\/schema.org\/WebPage\" itemid=\"https:\/\/nilsonlaw.com\/fr\/ne-vous-laissez-pas-poursuivre-en-justice-verifiez-la-conformite-ada-de-votre-site-web\/\"><\/span>\r\n\t\t<\/span>\r\n\t\t\t\t\t\t\t\t\t\t\t\t\t\t\t\t\t\t\t\t<ul class=\"grve-post-meta\">\r\n\t\t\t\t\t\t\t\t\t\t\t\t<li class=\"grve-post-author\">\r\n\t\t\t<span>Cynthia Martens<\/span>\r\n\t\t<\/li>\r\n<li class=\"grve-post-date\">\t<time class=\"\" datetime=\"2022-01-03T16:55:25+00:00\">\r\n\t\t01\/03\/2022\t<\/time>\r\n<\/li>\t\t\t\t\t\t\t\t\t\t<\/ul>\r\n\t\t\t\t\t\t\t\t\t\t\t\t\t\t\t\t\t\t\t\t\t\t\t\t\t\t\t<a href=\"https:\/\/nilsonlaw.com\/fr\/ne-vous-laissez-pas-poursuivre-en-justice-verifiez-la-conformite-ada-de-votre-site-web\/\" rel=\"bookmark\"><h3 class=\"grve-post-title grve-post-title-hover grve-h4\" itemprop=\"headline\">Ne vous laissez pas poursuivre en justice ! V\u00e9rifiez la conformit\u00e9 ADA de votre site Web<\/h3><\/a>\t\t\t\t\t\t\t\t<\/div>\r\n\t\t\t\t\t\t\t\t<div itemprop=\"articleBody\"><p>La ADA \u00ab\u00a0Americans with Disabilities Act\u00a0\u00bb est une loi f\u00e9d\u00e9rale exigeant que les entreprises ouvertes au public soient accessibles \u00e0 tous les\u2026<\/p><a class=\"grve-read-more grve-link-text grve-heading-color grve-text-hover-primary-1\" href=\"https:\/\/nilsonlaw.com\/fr\/ne-vous-laissez-pas-poursuivre-en-justice-verifiez-la-conformite-ada-de-votre-site-web\/\"><span>lire plus<\/span><\/a><\/div>\t\t\t\t\t\t\t<\/div>\r\n\t\t\t\t\t\t<\/div>\r\n\t\t\t\t\t\r\n\t\t\t\t<\/div>\t\t\t<\/article>\r\n\r\n\t\t\t<article class=\"grve-blog-item grve-small-post grve-non-isotope-item post-890 post type-post status-publish format-standard has-post-thumbnail hentry category-blog-fr category-insights-fr tag-conformite-aux-exigences tag-insights-fr tag-new-york-fr tag-vaccins\" itemscope itemType=\"http:\/\/schema.org\/BlogPosting\">\r\n\t\t\t\t<div class=\"grve-blog-item-inner grve-isotope-item-inner\">\r\n\t\t\t\t\t\t\t\t\t\t\t\t\t<div class=\"grve-media\">\r\n\t\t\t<a class=\"grve-item-url\" href=\"https:\/\/nilsonlaw.com\/fr\/la-ville-de-new-york-exigera-la-vaccination-des-employes-du-secteur-prive\/\" aria-label=\"La ville de New York exigera la vaccination des employ\u00e9s du secteur priv\u00e9\"><\/a>\r\n\t\t\t<img loading=\"lazy\" decoding=\"async\" width=\"500\" height=\"350\" src=\"https:\/\/nilsonlaw.com\/wp-content\/uploads\/2021\/12\/Covid-vaccine.jpg\" class=\"attachment-movedo-grve-small-rect-horizontal size-movedo-grve-small-rect-horizontal wp-post-image\" alt=\"Covid vaccine\" srcset=\"https:\/\/nilsonlaw.com\/wp-content\/uploads\/2021\/12\/Covid-vaccine.jpg 500w, https:\/\/nilsonlaw.com\/wp-content\/uploads\/2021\/12\/Covid-vaccine-300x210.jpg 300w\" sizes=\"auto, (max-width: 500px) 100vw, 500px\" \/>\t\t\t<div class=\"grve-bg-black grve-hover-overlay grve-opacity-10\"><\/div>\r\n\t\t<\/div>\r\n\t\t\t\t\t\t<div class=\"grve-post-content-wrapper\">\r\n\t\t\t\t\t\t\t<div class=\"grve-post-content\">\r\n\t\t\t\t\t\t\t\t<div class=\"grve-post-header\">\r\n\t\t\t\t\t\t\t\t\t\t\t\t\t\t\t\t\t\t\t\t<span class=\"grve-hidden\">\r\n\t\t\t<span class=\"grve-structured-data entry-title\">La ville de New York exigera la vaccination des employ\u00e9s du secteur priv\u00e9<\/span>\r\n\t\t\t<span class=\"grve-structured-data\" itemprop=\"image\" itemscope itemtype=\"http:\/\/schema.org\/ImageObject\">\r\n\t\t\t   <span itemprop='url' >https:\/\/nilsonlaw.com\/wp-content\/uploads\/2021\/12\/Covid-vaccine.jpg<\/span>\r\n\t\t\t   <span itemprop='height' >500<\/span>\r\n\t\t\t   <span itemprop='width' >350<\/span>\r\n\t\t\t<\/span>\r\n\t\t\t\t\t\t<span class=\"grve-structured-data vcard author\" itemprop=\"author\" itemscope itemtype=\"http:\/\/schema.org\/Person\">\r\n\t\t\t\t<span itemprop=\"name\" class=\"fn\">Charity Gates<\/span>\r\n\t\t\t<\/span>\r\n\t\t\t<span class=\"grve-structured-data\" itemprop=\"publisher\" itemscope itemtype=\"http:\/\/schema.org\/Organization\">\r\n\t\t\t\t<span itemprop='name'>Charity Gates<\/span>\r\n\t\t\t\t<span itemprop='logo' itemscope itemtype='http:\/\/schema.org\/ImageObject'>\r\n\t\t\t\t\t<span itemprop='url'>https:\/\/secure.gravatar.com\/avatar\/30cc8389b4b42e607a4cddc62656e61a8690a9aa202f7cfcddab2a0e35b99862?s=96&#038;d=mm&#038;r=g<\/span>\r\n\t\t\t\t<\/span>\r\n\t\t\t<\/span>\r\n\t\t\t\t\t\t<time class=\"grve-structured-data date published\" itemprop=\"datePublished\" datetime=\"2021-12-20T21:40:22+00:00\">12\/20\/2021<\/time>\r\n\t\t\t<time class=\"grve-structured-data date updated\" itemprop=\"dateModified\"  datetime=\"2021-12-20T21:45:47+00:00\">12\/20\/2021<\/time>\r\n\t\t\t<span class=\"grve-structured-data\" itemprop=\"mainEntityOfPage\" itemscope itemtype=\"http:\/\/schema.org\/WebPage\" itemid=\"https:\/\/nilsonlaw.com\/fr\/la-ville-de-new-york-exigera-la-vaccination-des-employes-du-secteur-prive\/\"><\/span>\r\n\t\t<\/span>\r\n\t\t\t\t\t\t\t\t\t\t\t\t\t\t\t\t\t\t\t\t<ul class=\"grve-post-meta\">\r\n\t\t\t\t\t\t\t\t\t\t\t\t<li class=\"grve-post-author\">\r\n\t\t\t<span>Charity Gates<\/span>\r\n\t\t<\/li>\r\n<li class=\"grve-post-date\">\t<time class=\"\" datetime=\"2021-12-20T21:40:22+00:00\">\r\n\t\t12\/20\/2021\t<\/time>\r\n<\/li>\t\t\t\t\t\t\t\t\t\t<\/ul>\r\n\t\t\t\t\t\t\t\t\t\t\t\t\t\t\t\t\t\t\t\t\t\t\t\t\t\t\t<a href=\"https:\/\/nilsonlaw.com\/fr\/la-ville-de-new-york-exigera-la-vaccination-des-employes-du-secteur-prive\/\" rel=\"bookmark\"><h3 class=\"grve-post-title grve-post-title-hover grve-h4\" itemprop=\"headline\">La ville de New York exigera la vaccination des employ\u00e9s du secteur priv\u00e9<\/h3><\/a>\t\t\t\t\t\t\t\t<\/div>\r\n\t\t\t\t\t\t\t\t<div itemprop=\"articleBody\"><p>Les employ\u00e9s qui travaillent sur place, en personne, pour des employeurs priv\u00e9s \u00e0 New York doivent recevoir au minimum une dose de\u2026<\/p><a class=\"grve-read-more grve-link-text grve-heading-color grve-text-hover-primary-1\" href=\"https:\/\/nilsonlaw.com\/fr\/la-ville-de-new-york-exigera-la-vaccination-des-employes-du-secteur-prive\/\"><span>lire plus<\/span><\/a><\/div>\t\t\t\t\t\t\t<\/div>\r\n\t\t\t\t\t\t<\/div>\r\n\t\t\t\t\t\r\n\t\t\t\t<\/div>\t\t\t<\/article>\r\n\r\n\t\t\t<article class=\"grve-blog-item grve-small-post grve-non-isotope-item post-547 post type-post status-publish format-standard has-post-thumbnail hentry category-blog-fr category-insights-fr tag-insights-fr\" itemscope itemType=\"http:\/\/schema.org\/BlogPosting\">\r\n\t\t\t\t<div class=\"grve-blog-item-inner grve-isotope-item-inner\">\r\n\t\t\t\t\t\t\t\t\t\t\t\t\t<div class=\"grve-media\">\r\n\t\t\t<a class=\"grve-item-url\" href=\"https:\/\/nilsonlaw.com\/fr\/covid-19-que-doivent-savoir-les-employeurs-concernant-les-protections-legales-des-employes\/\" aria-label=\"COVID-19: Que doivent savoir les employeurs concernant les protections l\u00e9gales des employ\u00e9s?\"><\/a>\r\n\t\t\t<img loading=\"lazy\" decoding=\"async\" width=\"560\" height=\"420\" src=\"https:\/\/nilsonlaw.com\/wp-content\/uploads\/2020\/04\/covid-560x420.jpg\" class=\"attachment-movedo-grve-small-rect-horizontal size-movedo-grve-small-rect-horizontal wp-post-image\" alt=\"Covid-19 background\" srcset=\"https:\/\/nilsonlaw.com\/wp-content\/uploads\/2020\/04\/covid-560x420.jpg 560w, https:\/\/nilsonlaw.com\/wp-content\/uploads\/2020\/04\/covid-900x675.jpg 900w\" sizes=\"auto, (max-width: 560px) 100vw, 560px\" \/>\t\t\t<div class=\"grve-bg-black grve-hover-overlay grve-opacity-10\"><\/div>\r\n\t\t<\/div>\r\n\t\t\t\t\t\t<div class=\"grve-post-content-wrapper\">\r\n\t\t\t\t\t\t\t<div class=\"grve-post-content\">\r\n\t\t\t\t\t\t\t\t<div class=\"grve-post-header\">\r\n\t\t\t\t\t\t\t\t\t\t\t\t\t\t\t\t\t\t\t\t<span class=\"grve-hidden\">\r\n\t\t\t<span class=\"grve-structured-data entry-title\">COVID-19: Que doivent savoir les employeurs concernant les protections l\u00e9gales des employ\u00e9s?<\/span>\r\n\t\t\t<span class=\"grve-structured-data\" itemprop=\"image\" itemscope itemtype=\"http:\/\/schema.org\/ImageObject\">\r\n\t\t\t   <span itemprop='url' >https:\/\/nilsonlaw.com\/wp-content\/uploads\/2020\/04\/covid.jpg<\/span>\r\n\t\t\t   <span itemprop='height' >1920<\/span>\r\n\t\t\t   <span itemprop='width' >1080<\/span>\r\n\t\t\t<\/span>\r\n\t\t\t\t\t\t<span class=\"grve-structured-data vcard author\" itemprop=\"author\" itemscope itemtype=\"http:\/\/schema.org\/Person\">\r\n\t\t\t\t<span itemprop=\"name\" class=\"fn\">Cynthia Martens<\/span>\r\n\t\t\t<\/span>\r\n\t\t\t<span class=\"grve-structured-data\" itemprop=\"publisher\" itemscope itemtype=\"http:\/\/schema.org\/Organization\">\r\n\t\t\t\t<span itemprop='name'>Cynthia Martens<\/span>\r\n\t\t\t\t<span itemprop='logo' itemscope itemtype='http:\/\/schema.org\/ImageObject'>\r\n\t\t\t\t\t<span itemprop='url'>https:\/\/secure.gravatar.com\/avatar\/7628166ddde72254468b8598953e669f7e58b2dc34327ff9a1b6508482ed560c?s=96&#038;d=mm&#038;r=g<\/span>\r\n\t\t\t\t<\/span>\r\n\t\t\t<\/span>\r\n\t\t\t\t\t\t<time class=\"grve-structured-data date published\" itemprop=\"datePublished\" datetime=\"2020-04-13T01:49:49+00:00\">04\/13\/2020<\/time>\r\n\t\t\t<time class=\"grve-structured-data date updated\" itemprop=\"dateModified\"  datetime=\"2021-10-04T23:00:15+00:00\">10\/04\/2021<\/time>\r\n\t\t\t<span class=\"grve-structured-data\" itemprop=\"mainEntityOfPage\" itemscope itemtype=\"http:\/\/schema.org\/WebPage\" itemid=\"https:\/\/nilsonlaw.com\/fr\/covid-19-que-doivent-savoir-les-employeurs-concernant-les-protections-legales-des-employes\/\"><\/span>\r\n\t\t<\/span>\r\n\t\t\t\t\t\t\t\t\t\t\t\t\t\t\t\t\t\t\t\t<ul class=\"grve-post-meta\">\r\n\t\t\t\t\t\t\t\t\t\t\t\t<li class=\"grve-post-author\">\r\n\t\t\t<span>Cynthia Martens<\/span>\r\n\t\t<\/li>\r\n<li class=\"grve-post-date\">\t<time class=\"\" datetime=\"2020-04-13T01:49:49+00:00\">\r\n\t\t04\/13\/2020\t<\/time>\r\n<\/li>\t\t\t\t\t\t\t\t\t\t<\/ul>\r\n\t\t\t\t\t\t\t\t\t\t\t\t\t\t\t\t\t\t\t\t\t\t\t\t\t\t\t<a href=\"https:\/\/nilsonlaw.com\/fr\/covid-19-que-doivent-savoir-les-employeurs-concernant-les-protections-legales-des-employes\/\" rel=\"bookmark\"><h3 class=\"grve-post-title grve-post-title-hover grve-h4\" itemprop=\"headline\">COVID-19: Que doivent savoir les employeurs concernant les protections l\u00e9gales des employ\u00e9s?<\/h3><\/a>\t\t\t\t\t\t\t\t<\/div>\r\n\t\t\t\t\t\t\t\t<div itemprop=\"articleBody\"><p>La pand\u00e9mie du coronavirus a boulevers\u00e9 l\u2019ann\u00e9e pour les gens de Wuhan \u00e0 Milan. New York \u00e0 elle seule a maintenant pr\u00e8s\u2026<\/p><a class=\"grve-read-more grve-link-text grve-heading-color grve-text-hover-primary-1\" href=\"https:\/\/nilsonlaw.com\/fr\/covid-19-que-doivent-savoir-les-employeurs-concernant-les-protections-legales-des-employes\/\"><span>lire plus<\/span><\/a><\/div>\t\t\t\t\t\t\t<\/div>\r\n\t\t\t\t\t\t<\/div>\r\n\t\t\t\t\t\r\n\t\t\t\t<\/div>\t\t\t<\/article>\r\n\r\n\t\t\t<article class=\"grve-blog-item grve-small-post grve-non-isotope-item post-544 post type-post status-publish format-standard has-post-thumbnail hentry category-blog-fr category-insights-fr tag-insights-fr\" itemscope itemType=\"http:\/\/schema.org\/BlogPosting\">\r\n\t\t\t\t<div class=\"grve-blog-item-inner grve-isotope-item-inner\">\r\n\t\t\t\t\t\t\t\t\t\t\t\t\t<div class=\"grve-media\">\r\n\t\t\t<a class=\"grve-item-url\" href=\"https:\/\/nilsonlaw.com\/fr\/le-code-du-travail-de-letat-de-new-york-les-changements-a-noter\/\" aria-label=\"Le code du travail de l&rsquo;\u00e9tat de New York : les changements \u00e0 noter\"><\/a>\r\n\t\t\t<img loading=\"lazy\" decoding=\"async\" width=\"560\" height=\"420\" src=\"https:\/\/nilsonlaw.com\/wp-content\/uploads\/2020\/02\/employment-560x420.jpg\" class=\"attachment-movedo-grve-small-rect-horizontal size-movedo-grve-small-rect-horizontal wp-post-image\" alt=\"Employment law background\" srcset=\"https:\/\/nilsonlaw.com\/wp-content\/uploads\/2020\/02\/employment-560x420.jpg 560w, https:\/\/nilsonlaw.com\/wp-content\/uploads\/2020\/02\/employment-900x675.jpg 900w\" sizes=\"auto, (max-width: 560px) 100vw, 560px\" \/>\t\t\t<div class=\"grve-bg-black grve-hover-overlay grve-opacity-10\"><\/div>\r\n\t\t<\/div>\r\n\t\t\t\t\t\t<div class=\"grve-post-content-wrapper\">\r\n\t\t\t\t\t\t\t<div class=\"grve-post-content\">\r\n\t\t\t\t\t\t\t\t<div class=\"grve-post-header\">\r\n\t\t\t\t\t\t\t\t\t\t\t\t\t\t\t\t\t\t\t\t<span class=\"grve-hidden\">\r\n\t\t\t<span class=\"grve-structured-data entry-title\">Le code du travail de l&rsquo;\u00e9tat de New York : les changements \u00e0 noter<\/span>\r\n\t\t\t<span class=\"grve-structured-data\" itemprop=\"image\" itemscope itemtype=\"http:\/\/schema.org\/ImageObject\">\r\n\t\t\t   <span itemprop='url' >https:\/\/nilsonlaw.com\/wp-content\/uploads\/2020\/02\/employment.jpg<\/span>\r\n\t\t\t   <span itemprop='height' >1920<\/span>\r\n\t\t\t   <span itemprop='width' >1080<\/span>\r\n\t\t\t<\/span>\r\n\t\t\t\t\t\t<span class=\"grve-structured-data vcard author\" itemprop=\"author\" itemscope itemtype=\"http:\/\/schema.org\/Person\">\r\n\t\t\t\t<span itemprop=\"name\" class=\"fn\">Nicholas E. Forgione<\/span>\r\n\t\t\t<\/span>\r\n\t\t\t<span class=\"grve-structured-data\" itemprop=\"publisher\" itemscope itemtype=\"http:\/\/schema.org\/Organization\">\r\n\t\t\t\t<span itemprop='name'>Nicholas E. Forgione<\/span>\r\n\t\t\t\t<span itemprop='logo' itemscope itemtype='http:\/\/schema.org\/ImageObject'>\r\n\t\t\t\t\t<span itemprop='url'>https:\/\/secure.gravatar.com\/avatar\/b10e7b30493573374cac3a7a7cda1ca72a1b10d290c8a31f3de88d9887020834?s=96&#038;d=mm&#038;r=g<\/span>\r\n\t\t\t\t<\/span>\r\n\t\t\t<\/span>\r\n\t\t\t\t\t\t<time class=\"grve-structured-data date published\" itemprop=\"datePublished\" datetime=\"2020-02-27T01:50:59+00:00\">02\/27\/2020<\/time>\r\n\t\t\t<time class=\"grve-structured-data date updated\" itemprop=\"dateModified\"  datetime=\"2021-10-04T23:00:49+00:00\">10\/04\/2021<\/time>\r\n\t\t\t<span class=\"grve-structured-data\" itemprop=\"mainEntityOfPage\" itemscope itemtype=\"http:\/\/schema.org\/WebPage\" itemid=\"https:\/\/nilsonlaw.com\/fr\/le-code-du-travail-de-letat-de-new-york-les-changements-a-noter\/\"><\/span>\r\n\t\t<\/span>\r\n\t\t\t\t\t\t\t\t\t\t\t\t\t\t\t\t\t\t\t\t<ul class=\"grve-post-meta\">\r\n\t\t\t\t\t\t\t\t\t\t\t\t<li class=\"grve-post-author\">\r\n\t\t\t<span>Nicholas E. Forgione<\/span>\r\n\t\t<\/li>\r\n<li class=\"grve-post-date\">\t<time class=\"\" datetime=\"2020-02-27T01:50:59+00:00\">\r\n\t\t02\/27\/2020\t<\/time>\r\n<\/li>\t\t\t\t\t\t\t\t\t\t<\/ul>\r\n\t\t\t\t\t\t\t\t\t\t\t\t\t\t\t\t\t\t\t\t\t\t\t\t\t\t\t<a href=\"https:\/\/nilsonlaw.com\/fr\/le-code-du-travail-de-letat-de-new-york-les-changements-a-noter\/\" rel=\"bookmark\"><h3 class=\"grve-post-title grve-post-title-hover grve-h4\" itemprop=\"headline\">Le code du travail de l&rsquo;\u00e9tat de New York : les changements \u00e0 noter<\/h3><\/a>\t\t\t\t\t\t\t\t<\/div>\r\n\t\t\t\t\t\t\t\t<div itemprop=\"articleBody\"><p>Augmentations du salaire minimum \u2022 Les augmentations du salaire minimum continuent. \u00c0 compter du 1er janvier 2020, le salaire minimum \u00e0 New\u2026<\/p><a class=\"grve-read-more grve-link-text grve-heading-color grve-text-hover-primary-1\" href=\"https:\/\/nilsonlaw.com\/fr\/le-code-du-travail-de-letat-de-new-york-les-changements-a-noter\/\"><span>lire plus<\/span><\/a><\/div>\t\t\t\t\t\t\t<\/div>\r\n\t\t\t\t\t\t<\/div>\r\n\t\t\t\t\t\r\n\t\t\t\t<\/div>\t\t\t<\/article>\r\n\r\n\t\t\t<article class=\"grve-blog-item grve-small-post grve-non-isotope-item post-546 post type-post status-publish format-standard has-post-thumbnail hentry category-blog-fr category-insights-fr tag-insights-fr\" itemscope itemType=\"http:\/\/schema.org\/BlogPosting\">\r\n\t\t\t\t<div class=\"grve-blog-item-inner grve-isotope-item-inner\">\r\n\t\t\t\t\t\t\t\t\t\t\t\t\t<div class=\"grve-media\">\r\n\t\t\t<a class=\"grve-item-url\" href=\"https:\/\/nilsonlaw.com\/fr\/la-californie-consumer-privacy-act-ce-qull-faut-savoir\/\" aria-label=\"La Californie Consumer Privacy Act: Ce Qu&rsquo;ll Faut Savoir\"><\/a>\r\n\t\t\t<img loading=\"lazy\" decoding=\"async\" width=\"560\" height=\"420\" src=\"https:\/\/nilsonlaw.com\/wp-content\/uploads\/2019\/12\/privacy-560x420.jpg\" class=\"attachment-movedo-grve-small-rect-horizontal size-movedo-grve-small-rect-horizontal wp-post-image\" alt=\"Privacy Please\" srcset=\"https:\/\/nilsonlaw.com\/wp-content\/uploads\/2019\/12\/privacy-560x420.jpg 560w, https:\/\/nilsonlaw.com\/wp-content\/uploads\/2019\/12\/privacy-900x675.jpg 900w\" sizes=\"auto, (max-width: 560px) 100vw, 560px\" \/>\t\t\t<div class=\"grve-bg-black grve-hover-overlay grve-opacity-10\"><\/div>\r\n\t\t<\/div>\r\n\t\t\t\t\t\t<div class=\"grve-post-content-wrapper\">\r\n\t\t\t\t\t\t\t<div class=\"grve-post-content\">\r\n\t\t\t\t\t\t\t\t<div class=\"grve-post-header\">\r\n\t\t\t\t\t\t\t\t\t\t\t\t\t\t\t\t\t\t\t\t<span class=\"grve-hidden\">\r\n\t\t\t<span class=\"grve-structured-data entry-title\">La Californie Consumer Privacy Act: Ce Qu&rsquo;ll Faut Savoir<\/span>\r\n\t\t\t<span class=\"grve-structured-data\" itemprop=\"image\" itemscope itemtype=\"http:\/\/schema.org\/ImageObject\">\r\n\t\t\t   <span itemprop='url' >https:\/\/nilsonlaw.com\/wp-content\/uploads\/2019\/12\/privacy.jpg<\/span>\r\n\t\t\t   <span itemprop='height' >1920<\/span>\r\n\t\t\t   <span itemprop='width' >1080<\/span>\r\n\t\t\t<\/span>\r\n\t\t\t\t\t\t<span class=\"grve-structured-data vcard author\" itemprop=\"author\" itemscope itemtype=\"http:\/\/schema.org\/Person\">\r\n\t\t\t\t<span itemprop=\"name\" class=\"fn\">Nicholas E. Forgione<\/span>\r\n\t\t\t<\/span>\r\n\t\t\t<span class=\"grve-structured-data\" itemprop=\"publisher\" itemscope itemtype=\"http:\/\/schema.org\/Organization\">\r\n\t\t\t\t<span itemprop='name'>Nicholas E. Forgione<\/span>\r\n\t\t\t\t<span itemprop='logo' itemscope itemtype='http:\/\/schema.org\/ImageObject'>\r\n\t\t\t\t\t<span itemprop='url'>https:\/\/secure.gravatar.com\/avatar\/b10e7b30493573374cac3a7a7cda1ca72a1b10d290c8a31f3de88d9887020834?s=96&#038;d=mm&#038;r=g<\/span>\r\n\t\t\t\t<\/span>\r\n\t\t\t<\/span>\r\n\t\t\t\t\t\t<time class=\"grve-structured-data date published\" itemprop=\"datePublished\" datetime=\"2019-12-02T14:53:17+00:00\">12\/02\/2019<\/time>\r\n\t\t\t<time class=\"grve-structured-data date updated\" itemprop=\"dateModified\"  datetime=\"2021-10-04T23:00:49+00:00\">10\/04\/2021<\/time>\r\n\t\t\t<span class=\"grve-structured-data\" itemprop=\"mainEntityOfPage\" itemscope itemtype=\"http:\/\/schema.org\/WebPage\" itemid=\"https:\/\/nilsonlaw.com\/fr\/la-californie-consumer-privacy-act-ce-qull-faut-savoir\/\"><\/span>\r\n\t\t<\/span>\r\n\t\t\t\t\t\t\t\t\t\t\t\t\t\t\t\t\t\t\t\t<ul class=\"grve-post-meta\">\r\n\t\t\t\t\t\t\t\t\t\t\t\t<li class=\"grve-post-author\">\r\n\t\t\t<span>Nicholas E. Forgione<\/span>\r\n\t\t<\/li>\r\n<li class=\"grve-post-date\">\t<time class=\"\" datetime=\"2019-12-02T14:53:17+00:00\">\r\n\t\t12\/02\/2019\t<\/time>\r\n<\/li>\t\t\t\t\t\t\t\t\t\t<\/ul>\r\n\t\t\t\t\t\t\t\t\t\t\t\t\t\t\t\t\t\t\t\t\t\t\t\t\t\t\t<a href=\"https:\/\/nilsonlaw.com\/fr\/la-californie-consumer-privacy-act-ce-qull-faut-savoir\/\" rel=\"bookmark\"><h3 class=\"grve-post-title grve-post-title-hover grve-h4\" itemprop=\"headline\">La Californie Consumer Privacy Act: Ce Qu&rsquo;ll Faut Savoir<\/h3><\/a>\t\t\t\t\t\t\t\t<\/div>\r\n\t\t\t\t\t\t\t\t<div itemprop=\"articleBody\"><p>La Californie a r\u00e9cemment vot\u00e9 une nouvelle loi de grande ampleur, r\u00e9glementant la protection des donn\u00e9es personnelles des consommateurs, celle-ci ayant des\u2026<\/p><a class=\"grve-read-more grve-link-text grve-heading-color grve-text-hover-primary-1\" href=\"https:\/\/nilsonlaw.com\/fr\/la-californie-consumer-privacy-act-ce-qull-faut-savoir\/\"><span>lire plus<\/span><\/a><\/div>\t\t\t\t\t\t\t<\/div>\r\n\t\t\t\t\t\t<\/div>\r\n\t\t\t\t\t\r\n\t\t\t\t<\/div>\t\t\t<\/article>\r\n\r\n\t\t\t<article class=\"grve-blog-item grve-small-post grve-non-isotope-item post-548 post type-post status-publish format-standard has-post-thumbnail hentry category-blog-fr category-insights-fr tag-insights-fr\" itemscope itemType=\"http:\/\/schema.org\/BlogPosting\">\r\n\t\t\t\t<div class=\"grve-blog-item-inner grve-isotope-item-inner\">\r\n\t\t\t\t\t\t\t\t\t\t\t\t\t<div class=\"grve-media\">\r\n\t\t\t<a class=\"grve-item-url\" href=\"https:\/\/nilsonlaw.com\/fr\/conformite-avec-lamericans-with-disabilities-act-les-sites-internet-aussi-doivent-etre-accessibles\/\" aria-label=\"Conformit\u00e9 avec l&rsquo;Americans with Disabilities Act: les Sites Internet Aussi Doivent Etre Accessibles\"><\/a>\r\n\t\t\t<img loading=\"lazy\" decoding=\"async\" width=\"560\" height=\"420\" src=\"https:\/\/nilsonlaw.com\/wp-content\/uploads\/2019\/11\/ADA-Compliance-Websites-Need-to-Be-Accessible-Too-560x420.jpg\" class=\"attachment-movedo-grve-small-rect-horizontal size-movedo-grve-small-rect-horizontal wp-post-image\" alt=\"\" srcset=\"https:\/\/nilsonlaw.com\/wp-content\/uploads\/2019\/11\/ADA-Compliance-Websites-Need-to-Be-Accessible-Too-560x420.jpg 560w, https:\/\/nilsonlaw.com\/wp-content\/uploads\/2019\/11\/ADA-Compliance-Websites-Need-to-Be-Accessible-Too-900x675.jpg 900w\" sizes=\"auto, (max-width: 560px) 100vw, 560px\" \/>\t\t\t<div class=\"grve-bg-black grve-hover-overlay grve-opacity-10\"><\/div>\r\n\t\t<\/div>\r\n\t\t\t\t\t\t<div class=\"grve-post-content-wrapper\">\r\n\t\t\t\t\t\t\t<div class=\"grve-post-content\">\r\n\t\t\t\t\t\t\t\t<div class=\"grve-post-header\">\r\n\t\t\t\t\t\t\t\t\t\t\t\t\t\t\t\t\t\t\t\t<span class=\"grve-hidden\">\r\n\t\t\t<span class=\"grve-structured-data entry-title\">Conformit\u00e9 avec l&rsquo;Americans with Disabilities Act: les Sites Internet Aussi Doivent Etre Accessibles<\/span>\r\n\t\t\t<span class=\"grve-structured-data\" itemprop=\"image\" itemscope itemtype=\"http:\/\/schema.org\/ImageObject\">\r\n\t\t\t   <span itemprop='url' >https:\/\/nilsonlaw.com\/wp-content\/uploads\/2019\/11\/ADA-Compliance-Websites-Need-to-Be-Accessible-Too.jpg<\/span>\r\n\t\t\t   <span itemprop='height' >1920<\/span>\r\n\t\t\t   <span itemprop='width' >1080<\/span>\r\n\t\t\t<\/span>\r\n\t\t\t\t\t\t<span class=\"grve-structured-data vcard author\" itemprop=\"author\" itemscope itemtype=\"http:\/\/schema.org\/Person\">\r\n\t\t\t\t<span itemprop=\"name\" class=\"fn\">Emily Ayoob<\/span>\r\n\t\t\t<\/span>\r\n\t\t\t<span class=\"grve-structured-data\" itemprop=\"publisher\" itemscope itemtype=\"http:\/\/schema.org\/Organization\">\r\n\t\t\t\t<span itemprop='name'>Emily Ayoob<\/span>\r\n\t\t\t\t<span itemprop='logo' itemscope itemtype='http:\/\/schema.org\/ImageObject'>\r\n\t\t\t\t\t<span itemprop='url'>https:\/\/secure.gravatar.com\/avatar\/61f80a69ae909994b9539c045a06fe09ddf35b3654103a80f9494009a76d1a31?s=96&#038;d=mm&#038;r=g<\/span>\r\n\t\t\t\t<\/span>\r\n\t\t\t<\/span>\r\n\t\t\t\t\t\t<time class=\"grve-structured-data date published\" itemprop=\"datePublished\" datetime=\"2019-11-30T01:54:07+00:00\">11\/30\/2019<\/time>\r\n\t\t\t<time class=\"grve-structured-data date updated\" itemprop=\"dateModified\"  datetime=\"2021-10-04T23:01:24+00:00\">10\/04\/2021<\/time>\r\n\t\t\t<span class=\"grve-structured-data\" itemprop=\"mainEntityOfPage\" itemscope itemtype=\"http:\/\/schema.org\/WebPage\" itemid=\"https:\/\/nilsonlaw.com\/fr\/conformite-avec-lamericans-with-disabilities-act-les-sites-internet-aussi-doivent-etre-accessibles\/\"><\/span>\r\n\t\t<\/span>\r\n\t\t\t\t\t\t\t\t\t\t\t\t\t\t\t\t\t\t\t\t<ul class=\"grve-post-meta\">\r\n\t\t\t\t\t\t\t\t\t\t\t\t<li class=\"grve-post-author\">\r\n\t\t\t<span>Emily Ayoob<\/span>\r\n\t\t<\/li>\r\n<li class=\"grve-post-date\">\t<time class=\"\" datetime=\"2019-11-30T01:54:07+00:00\">\r\n\t\t11\/30\/2019\t<\/time>\r\n<\/li>\t\t\t\t\t\t\t\t\t\t<\/ul>\r\n\t\t\t\t\t\t\t\t\t\t\t\t\t\t\t\t\t\t\t\t\t\t\t\t\t\t\t<a href=\"https:\/\/nilsonlaw.com\/fr\/conformite-avec-lamericans-with-disabilities-act-les-sites-internet-aussi-doivent-etre-accessibles\/\" rel=\"bookmark\"><h3 class=\"grve-post-title grve-post-title-hover grve-h4\" itemprop=\"headline\">Conformit\u00e9 avec l&rsquo;Americans with Disabilities Act: les Sites Internet Aussi Doivent Etre Accessibles<\/h3><\/a>\t\t\t\t\t\t\t\t<\/div>\r\n\t\t\t\t\t\t\t\t<div itemprop=\"articleBody\"><p>Ces derni\u00e8res ann\u00e9es ont \u00e9t\u00e9 t\u00e9moins de l\u2019\u00e9mergence d\u2019un nouveau type d\u2019actions en justice portant sur la conformit\u00e9 avec l\u2019Americans with Disabilities\u2026<\/p><a class=\"grve-read-more grve-link-text grve-heading-color grve-text-hover-primary-1\" href=\"https:\/\/nilsonlaw.com\/fr\/conformite-avec-lamericans-with-disabilities-act-les-sites-internet-aussi-doivent-etre-accessibles\/\"><span>lire plus<\/span><\/a><\/div>\t\t\t\t\t\t\t<\/div>\r\n\t\t\t\t\t\t<\/div>\r\n\t\t\t\t\t\r\n\t\t\t\t<\/div>\t\t\t<\/article>\r\n\r\n\t\t\t<article class=\"grve-blog-item grve-small-post grve-non-isotope-item post-549 post type-post status-publish format-standard has-post-thumbnail hentry category-blog-fr category-insights-fr tag-insights-fr\" itemscope itemType=\"http:\/\/schema.org\/BlogPosting\">\r\n\t\t\t\t<div class=\"grve-blog-item-inner grve-isotope-item-inner\">\r\n\t\t\t\t\t\t\t\t\t\t\t\t\t<div class=\"grve-media\">\r\n\t\t\t<a class=\"grve-item-url\" href=\"https:\/\/nilsonlaw.com\/fr\/les-changements-importants-devant-le-bureau-des-marques-us\/\" aria-label=\"Les Changements Importants Devant Le Bureau Des Marques US\"><\/a>\r\n\t\t\t<img loading=\"lazy\" decoding=\"async\" width=\"560\" height=\"420\" src=\"https:\/\/nilsonlaw.com\/wp-content\/uploads\/2019\/07\/Important-Changes-in-the-US-Patent-Trademark-Office-560x420.jpg\" class=\"attachment-movedo-grve-small-rect-horizontal size-movedo-grve-small-rect-horizontal wp-post-image\" alt=\"\" srcset=\"https:\/\/nilsonlaw.com\/wp-content\/uploads\/2019\/07\/Important-Changes-in-the-US-Patent-Trademark-Office-560x420.jpg 560w, https:\/\/nilsonlaw.com\/wp-content\/uploads\/2019\/07\/Important-Changes-in-the-US-Patent-Trademark-Office-900x675.jpg 900w\" sizes=\"auto, (max-width: 560px) 100vw, 560px\" \/>\t\t\t<div class=\"grve-bg-black grve-hover-overlay grve-opacity-10\"><\/div>\r\n\t\t<\/div>\r\n\t\t\t\t\t\t<div class=\"grve-post-content-wrapper\">\r\n\t\t\t\t\t\t\t<div class=\"grve-post-content\">\r\n\t\t\t\t\t\t\t\t<div class=\"grve-post-header\">\r\n\t\t\t\t\t\t\t\t\t\t\t\t\t\t\t\t\t\t\t\t<span class=\"grve-hidden\">\r\n\t\t\t<span class=\"grve-structured-data entry-title\">Les Changements Importants Devant Le Bureau Des Marques US<\/span>\r\n\t\t\t<span class=\"grve-structured-data\" itemprop=\"image\" itemscope itemtype=\"http:\/\/schema.org\/ImageObject\">\r\n\t\t\t   <span itemprop='url' >https:\/\/nilsonlaw.com\/wp-content\/uploads\/2019\/07\/Important-Changes-in-the-US-Patent-Trademark-Office.jpg<\/span>\r\n\t\t\t   <span itemprop='height' >1920<\/span>\r\n\t\t\t   <span itemprop='width' >1080<\/span>\r\n\t\t\t<\/span>\r\n\t\t\t\t\t\t<span class=\"grve-structured-data vcard author\" itemprop=\"author\" itemscope itemtype=\"http:\/\/schema.org\/Person\">\r\n\t\t\t\t<span itemprop=\"name\" class=\"fn\">Emily Ayoob<\/span>\r\n\t\t\t<\/span>\r\n\t\t\t<span class=\"grve-structured-data\" itemprop=\"publisher\" itemscope itemtype=\"http:\/\/schema.org\/Organization\">\r\n\t\t\t\t<span itemprop='name'>Emily Ayoob<\/span>\r\n\t\t\t\t<span itemprop='logo' itemscope itemtype='http:\/\/schema.org\/ImageObject'>\r\n\t\t\t\t\t<span itemprop='url'>https:\/\/secure.gravatar.com\/avatar\/61f80a69ae909994b9539c045a06fe09ddf35b3654103a80f9494009a76d1a31?s=96&#038;d=mm&#038;r=g<\/span>\r\n\t\t\t\t<\/span>\r\n\t\t\t<\/span>\r\n\t\t\t\t\t\t<time class=\"grve-structured-data date published\" itemprop=\"datePublished\" datetime=\"2019-07-19T01:54:37+00:00\">07\/19\/2019<\/time>\r\n\t\t\t<time class=\"grve-structured-data date updated\" itemprop=\"dateModified\"  datetime=\"2021-10-04T23:01:25+00:00\">10\/04\/2021<\/time>\r\n\t\t\t<span class=\"grve-structured-data\" itemprop=\"mainEntityOfPage\" itemscope itemtype=\"http:\/\/schema.org\/WebPage\" itemid=\"https:\/\/nilsonlaw.com\/fr\/les-changements-importants-devant-le-bureau-des-marques-us\/\"><\/span>\r\n\t\t<\/span>\r\n\t\t\t\t\t\t\t\t\t\t\t\t\t\t\t\t\t\t\t\t<ul class=\"grve-post-meta\">\r\n\t\t\t\t\t\t\t\t\t\t\t\t<li class=\"grve-post-author\">\r\n\t\t\t<span>Emily Ayoob<\/span>\r\n\t\t<\/li>\r\n<li class=\"grve-post-date\">\t<time class=\"\" datetime=\"2019-07-19T01:54:37+00:00\">\r\n\t\t07\/19\/2019\t<\/time>\r\n<\/li>\t\t\t\t\t\t\t\t\t\t<\/ul>\r\n\t\t\t\t\t\t\t\t\t\t\t\t\t\t\t\t\t\t\t\t\t\t\t\t\t\t\t<a href=\"https:\/\/nilsonlaw.com\/fr\/les-changements-importants-devant-le-bureau-des-marques-us\/\" rel=\"bookmark\"><h3 class=\"grve-post-title grve-post-title-hover grve-h4\" itemprop=\"headline\">Les Changements Importants Devant Le Bureau Des Marques US<\/h3><\/a>\t\t\t\t\t\t\t\t<\/div>\r\n\t\t\t\t\t\t\t\t<div itemprop=\"articleBody\"><p>Le United States Patent and Trademark Office (USPTO) (le bureau de marques am\u00e9ricain, \u00e9quivalent de l\u2019INPI) a r\u00e9cemment annonc\u00e9 une nouvelle r\u00e8gle,\u2026<\/p><a class=\"grve-read-more grve-link-text grve-heading-color grve-text-hover-primary-1\" href=\"https:\/\/nilsonlaw.com\/fr\/les-changements-importants-devant-le-bureau-des-marques-us\/\"><span>lire plus<\/span><\/a><\/div>\t\t\t\t\t\t\t<\/div>\r\n\t\t\t\t\t\t<\/div>\r\n\t\t\t\t\t\r\n\t\t\t\t<\/div>\t\t\t<\/article>\r\n\r\n\t\t\t<\/div>\r\n<div class=\"grve-pagination grve-link-text grve-heading-color\"><ul class='page-numbers'>\n\t<li><span aria-current=\"page\" class=\"page-numbers current\">1<\/span><\/li>\n\t<li><a class=\"page-numbers\" href=\"https:\/\/nilsonlaw.com\/fr\/wp-json\/wp\/v2\/pages\/568\/page\/2\/\">2<\/a><\/li>\n\t<li><a class=\"next page-numbers\" href=\"https:\/\/nilsonlaw.com\/fr\/wp-json\/wp\/v2\/pages\/568\/page\/2\/\"><i class=\"grve-icon-nav-right-small\"><\/i><\/a><\/li>\n<\/ul>\n<\/div>\t\t<\/div>\r\n[\/vc_column][vc_column width=\u00a0\u00bb1\/6&Prime; tablet_sm_width=\u00a0\u00bbhide\u00a0\u00bb mobile_width=\u00a0\u00bbhide\u00a0\u00bb][\/vc_column][\/vc_row]<\/p>\n<\/div>","protected":false},"excerpt":{"rendered":"<p>Blog \u2014 Informations Utiles | The Nilson Law Group, PLLC&#8230;<\/p>\n","protected":false},"author":3,"featured_media":0,"parent":559,"menu_order":0,"comment_status":"closed","ping_status":"open","template":"","meta":{"footnotes":""},"class_list":["post-568","page","type-page","status-publish","hentry"],"yoast_head":"<!-- This site is optimized with the Yoast SEO plugin v27.4 - https:\/\/yoast.com\/product\/yoast-seo-wordpress\/ -->\n<title>Informations Utiles - The Nilson Law Group, PLLC<\/title>\n<meta name=\"robots\" content=\"index, follow, max-snippet:-1, max-image-preview:large, max-video-preview:-1\" \/>\n<link rel=\"canonical\" href=\"https:\/\/nilsonlaw.com\/fr\/blog\/insights\/\" \/>\n<meta property=\"og:locale\" content=\"fr_FR\" \/>\n<meta property=\"og:type\" content=\"article\" \/>\n<meta property=\"og:title\" content=\"Informations Utiles - The Nilson Law Group, PLLC\" \/>\n<meta property=\"og:description\" content=\"Blog \u2014 Informations Utiles | The Nilson Law Group, PLLC...\" \/>\n<meta property=\"og:url\" content=\"https:\/\/nilsonlaw.com\/fr\/blog\/insights\/\" \/>\n<meta property=\"og:site_name\" content=\"The Nilson Law Group, PLLC\" \/>\n<meta property=\"article:modified_time\" content=\"2021-11-19T21:28:12+00:00\" \/>\n<meta property=\"og:image\" content=\"https:\/\/nilsonlaw.com\/wp-content\/uploads\/2024\/08\/Site-Image-The-Nilson-Law-Group.jpg\" \/>\n\t<meta property=\"og:image:width\" content=\"1200\" \/>\n\t<meta property=\"og:image:height\" content=\"675\" \/>\n\t<meta property=\"og:image:type\" content=\"image\/jpeg\" \/>\n<meta name=\"twitter:card\" content=\"summary_large_image\" \/>\n<meta name=\"twitter:label1\" content=\"Dur\u00e9e de lecture estim\u00e9e\" \/>\n\t<meta name=\"twitter:data1\" content=\"1 minute\" \/>\n<script type=\"application\/ld+json\" class=\"yoast-schema-graph\">{\"@context\":\"https:\\\/\\\/schema.org\",\"@graph\":[{\"@type\":\"WebPage\",\"@id\":\"https:\\\/\\\/nilsonlaw.com\\\/fr\\\/blog\\\/insights\\\/\",\"url\":\"https:\\\/\\\/nilsonlaw.com\\\/fr\\\/blog\\\/insights\\\/\",\"name\":\"Informations Utiles - The Nilson Law Group, PLLC\",\"isPartOf\":{\"@id\":\"https:\\\/\\\/nilsonlaw.com\\\/fr\\\/#website\"},\"datePublished\":\"2021-08-05T00:46:47+00:00\",\"dateModified\":\"2021-11-19T21:28:12+00:00\",\"breadcrumb\":{\"@id\":\"https:\\\/\\\/nilsonlaw.com\\\/fr\\\/blog\\\/insights\\\/#breadcrumb\"},\"inLanguage\":\"fr-FR\",\"potentialAction\":[{\"@type\":\"ReadAction\",\"target\":[\"https:\\\/\\\/nilsonlaw.com\\\/fr\\\/blog\\\/insights\\\/\"]}]},{\"@type\":\"BreadcrumbList\",\"@id\":\"https:\\\/\\\/nilsonlaw.com\\\/fr\\\/blog\\\/insights\\\/#breadcrumb\",\"itemListElement\":[{\"@type\":\"ListItem\",\"position\":1,\"name\":\"Accueil\",\"item\":\"https:\\\/\\\/nilsonlaw.com\\\/fr\\\/\"},{\"@type\":\"ListItem\",\"position\":2,\"name\":\"Blog\",\"item\":\"https:\\\/\\\/nilsonlaw.com\\\/fr\\\/blog\\\/\"},{\"@type\":\"ListItem\",\"position\":3,\"name\":\"Informations Utiles\"}]},{\"@type\":\"WebSite\",\"@id\":\"https:\\\/\\\/nilsonlaw.com\\\/fr\\\/#website\",\"url\":\"https:\\\/\\\/nilsonlaw.com\\\/fr\\\/\",\"name\":\"The Nilson Law Group, PLLC\",\"description\":\"A New York law firm focusing on the creation, acquisition and representation of American subsidiaries of foreign companies.\",\"publisher\":{\"@id\":\"https:\\\/\\\/nilsonlaw.com\\\/fr\\\/#organization\"},\"potentialAction\":[{\"@type\":\"SearchAction\",\"target\":{\"@type\":\"EntryPoint\",\"urlTemplate\":\"https:\\\/\\\/nilsonlaw.com\\\/fr\\\/?s={search_term_string}\"},\"query-input\":{\"@type\":\"PropertyValueSpecification\",\"valueRequired\":true,\"valueName\":\"search_term_string\"}}],\"inLanguage\":\"fr-FR\"},{\"@type\":\"Organization\",\"@id\":\"https:\\\/\\\/nilsonlaw.com\\\/fr\\\/#organization\",\"name\":\"The Nilson Law Group, PLLC\",\"url\":\"https:\\\/\\\/nilsonlaw.com\\\/fr\\\/\",\"logo\":{\"@type\":\"ImageObject\",\"inLanguage\":\"fr-FR\",\"@id\":\"https:\\\/\\\/nilsonlaw.com\\\/fr\\\/#\\\/schema\\\/logo\\\/image\\\/\",\"url\":\"https:\\\/\\\/nilsonlaw.com\\\/wp-content\\\/uploads\\\/2024\\\/08\\\/Organization-Logo-The-Nilson-Law-Group.jpg\",\"contentUrl\":\"https:\\\/\\\/nilsonlaw.com\\\/wp-content\\\/uploads\\\/2024\\\/08\\\/Organization-Logo-The-Nilson-Law-Group.jpg\",\"width\":696,\"height\":696,\"caption\":\"The Nilson Law Group, PLLC\"},\"image\":{\"@id\":\"https:\\\/\\\/nilsonlaw.com\\\/fr\\\/#\\\/schema\\\/logo\\\/image\\\/\"},\"sameAs\":[\"https:\\\/\\\/www.instagram.com\\\/nilsonlawgroup\\\/\",\"https:\\\/\\\/www.linkedin.com\\\/company\\\/deborah-a-nilson-pllc\"]}]}<\/script>\n<!-- \/ Yoast SEO plugin. -->","yoast_head_json":{"title":"Informations Utiles - The Nilson Law Group, PLLC","robots":{"index":"index","follow":"follow","max-snippet":"max-snippet:-1","max-image-preview":"max-image-preview:large","max-video-preview":"max-video-preview:-1"},"canonical":"https:\/\/nilsonlaw.com\/fr\/blog\/insights\/","og_locale":"fr_FR","og_type":"article","og_title":"Informations Utiles - The Nilson Law Group, PLLC","og_description":"Blog \u2014 Informations Utiles | The Nilson Law Group, PLLC...","og_url":"https:\/\/nilsonlaw.com\/fr\/blog\/insights\/","og_site_name":"The Nilson Law Group, PLLC","article_modified_time":"2021-11-19T21:28:12+00:00","og_image":[{"width":1200,"height":675,"url":"https:\/\/nilsonlaw.com\/wp-content\/uploads\/2024\/08\/Site-Image-The-Nilson-Law-Group.jpg","type":"image\/jpeg"}],"twitter_card":"summary_large_image","twitter_misc":{"Dur\u00e9e de lecture estim\u00e9e":"1 minute"},"schema":{"@context":"https:\/\/schema.org","@graph":[{"@type":"WebPage","@id":"https:\/\/nilsonlaw.com\/fr\/blog\/insights\/","url":"https:\/\/nilsonlaw.com\/fr\/blog\/insights\/","name":"Informations Utiles - The Nilson Law Group, PLLC","isPartOf":{"@id":"https:\/\/nilsonlaw.com\/fr\/#website"},"datePublished":"2021-08-05T00:46:47+00:00","dateModified":"2021-11-19T21:28:12+00:00","breadcrumb":{"@id":"https:\/\/nilsonlaw.com\/fr\/blog\/insights\/#breadcrumb"},"inLanguage":"fr-FR","potentialAction":[{"@type":"ReadAction","target":["https:\/\/nilsonlaw.com\/fr\/blog\/insights\/"]}]},{"@type":"BreadcrumbList","@id":"https:\/\/nilsonlaw.com\/fr\/blog\/insights\/#breadcrumb","itemListElement":[{"@type":"ListItem","position":1,"name":"Accueil","item":"https:\/\/nilsonlaw.com\/fr\/"},{"@type":"ListItem","position":2,"name":"Blog","item":"https:\/\/nilsonlaw.com\/fr\/blog\/"},{"@type":"ListItem","position":3,"name":"Informations Utiles"}]},{"@type":"WebSite","@id":"https:\/\/nilsonlaw.com\/fr\/#website","url":"https:\/\/nilsonlaw.com\/fr\/","name":"The Nilson Law Group, PLLC","description":"A New York law firm focusing on the creation, acquisition and representation of American subsidiaries of foreign companies.","publisher":{"@id":"https:\/\/nilsonlaw.com\/fr\/#organization"},"potentialAction":[{"@type":"SearchAction","target":{"@type":"EntryPoint","urlTemplate":"https:\/\/nilsonlaw.com\/fr\/?s={search_term_string}"},"query-input":{"@type":"PropertyValueSpecification","valueRequired":true,"valueName":"search_term_string"}}],"inLanguage":"fr-FR"},{"@type":"Organization","@id":"https:\/\/nilsonlaw.com\/fr\/#organization","name":"The Nilson Law Group, PLLC","url":"https:\/\/nilsonlaw.com\/fr\/","logo":{"@type":"ImageObject","inLanguage":"fr-FR","@id":"https:\/\/nilsonlaw.com\/fr\/#\/schema\/logo\/image\/","url":"https:\/\/nilsonlaw.com\/wp-content\/uploads\/2024\/08\/Organization-Logo-The-Nilson-Law-Group.jpg","contentUrl":"https:\/\/nilsonlaw.com\/wp-content\/uploads\/2024\/08\/Organization-Logo-The-Nilson-Law-Group.jpg","width":696,"height":696,"caption":"The Nilson Law Group, PLLC"},"image":{"@id":"https:\/\/nilsonlaw.com\/fr\/#\/schema\/logo\/image\/"},"sameAs":["https:\/\/www.instagram.com\/nilsonlawgroup\/","https:\/\/www.linkedin.com\/company\/deborah-a-nilson-pllc"]}]}},"_links":{"self":[{"href":"https:\/\/nilsonlaw.com\/fr\/wp-json\/wp\/v2\/pages\/568","targetHints":{"allow":["GET"]}}],"collection":[{"href":"https:\/\/nilsonlaw.com\/fr\/wp-json\/wp\/v2\/pages"}],"about":[{"href":"https:\/\/nilsonlaw.com\/fr\/wp-json\/wp\/v2\/types\/page"}],"author":[{"embeddable":true,"href":"https:\/\/nilsonlaw.com\/fr\/wp-json\/wp\/v2\/users\/3"}],"replies":[{"embeddable":true,"href":"https:\/\/nilsonlaw.com\/fr\/wp-json\/wp\/v2\/comments?post=568"}],"version-history":[{"count":0,"href":"https:\/\/nilsonlaw.com\/fr\/wp-json\/wp\/v2\/pages\/568\/revisions"}],"up":[{"embeddable":true,"href":"https:\/\/nilsonlaw.com\/fr\/wp-json\/wp\/v2\/pages\/559"}],"wp:attachment":[{"href":"https:\/\/nilsonlaw.com\/fr\/wp-json\/wp\/v2\/media?parent=568"}],"curies":[{"name":"wp","href":"https:\/\/api.w.org\/{rel}","templated":true}]}}